{"id":517,"date":"2025-03-24T15:04:00","date_gmt":"2025-03-24T15:04:00","guid":{"rendered":"https:\/\/www.umanitaria.it\/home\/grkint\/domains\/www.umanitaria.it\/public_html\/?page_id=2"},"modified":"2026-03-30T14:57:47","modified_gmt":"2026-03-30T12:57:47","slug":"sample-page","status":"publish","type":"page","link":"https:\/\/www.umanitaria.it\/alghero\/","title":{"rendered":"Home Page"},"content":{"rendered":"\n<div class=\"gb-element-143a2b0d\">\n<div class=\"banner-container \">\n<div class=\"banner-sedi\">\n<div class=\"wp-block-superblockslider-slider superblockslider\" style=\"height:60vh;width:100%\" data-transition-duration=\".6s\" data-animation=\"cubic-bezier(0.46, 0.03, 0.52, 0.96)\" data-slide-navigation=\"none\"><div class=\"superblockslider__window\"><div class=\"superblockslider__track\" style=\"width:200%;transform:translateX(-0.0000%);transition-duration:.6s;transition-timing-function:cubic-bezier(0.46, 0.03, 0.52, 0.96)\">\n<div class=\"wp-block-superblockslider-slide superblockslider__slide superblockslider__slide--active is-vertical-bottom\" data-slide-index=\"0\"><div class=\"superblockslider__slide__bg\"><img fetchpriority=\"high\" decoding=\"async\" class=\"image--xl visible--xl visible--sm visible--md visible--lg\" src=\"https:\/\/www.umanitaria.it\/alghero\/wp-content\/uploads\/sites\/7\/2026\/02\/Visual-2000x865-1-scaled.webp\" width=\"2560\" height=\"1107\" title=\"Visual 2000x865\" alt=\"\" loading=\"eager\" srcset=\"https:\/\/www.umanitaria.it\/alghero\/wp-content\/uploads\/sites\/7\/2026\/02\/Visual-2000x865-1-150x150.webp 150w,https:\/\/www.umanitaria.it\/alghero\/wp-content\/uploads\/sites\/7\/2026\/02\/Visual-2000x865-1-300x130.webp 300w,https:\/\/www.umanitaria.it\/alghero\/wp-content\/uploads\/sites\/7\/2026\/02\/Visual-2000x865-1-1024x443.webp 1024w,https:\/\/www.umanitaria.it\/alghero\/wp-content\/uploads\/sites\/7\/2026\/02\/Visual-2000x865-1-scaled.webp 2560w,\" sizes=\"(max-width: 2560px) 100vw, 2560px\" style=\"object-fit:cover;object-position:54% 46%\"\/><\/div><div class=\"superblockslider__slide__overlay\"><\/div><div class=\"superblockslider__slide_inner\"><div class=\"inner-blocks\">\n<div class=\"container\">\n<p><\/p>\n\n\n\n<div class=\"half-width\">\n<div class=\"wp-block-buttons alignwide is-content-justification-left is-layout-flex wp-container-core-buttons-is-layout-578ad838 wp-block-buttons-is-layout-flex\">\n<div class=\"wp-block-button\"><a class=\"wp-block-button__link wp-element-button\" href=\"https:\/\/www.umanitaria.it\/alghero\/corso\/il-cinema-e-un-gioco-da-ragazze\/\">SCOPRI DI PI\u00d9<\/a><\/div>\n<\/div>\n<\/div>\n<\/div>\n<\/div><\/div><\/div>\n\n\n\n<div class=\"wp-block-superblockslider-slide superblockslider__slide is-vertical-center\" data-slide-index=\"1\"><div class=\"superblockslider__slide__bg\"><img decoding=\"async\" class=\"image--xl visible--xl visible--sm visible--md visible--lg\" src=\"https:\/\/www.umanitaria.it\/carbonia\/wp-content\/uploads\/sites\/10\/2025\/09\/latuamemoriaslide.png\" width=\"1920\" height=\"800\" title=\"latuamemoriaslide\" alt=\"\" loading=\"eager\" srcset=\"https:\/\/www.umanitaria.it\/carbonia\/wp-content\/uploads\/sites\/10\/2025\/09\/latuamemoriaslide-150x150.png 150w,https:\/\/www.umanitaria.it\/carbonia\/wp-content\/uploads\/sites\/10\/2025\/09\/latuamemoriaslide-300x125.png 300w,https:\/\/www.umanitaria.it\/carbonia\/wp-content\/uploads\/sites\/10\/2025\/09\/latuamemoriaslide-1024x427.png 1024w,https:\/\/www.umanitaria.it\/carbonia\/wp-content\/uploads\/sites\/10\/2025\/09\/latuamemoriaslide.png 1920w,\" sizes=\"(max-width: 1920px) 100vw, 1920px\" style=\"object-fit:cover;object-position:69% 6%\"\/><\/div><div class=\"superblockslider__slide__overlay\" style=\"background-image:radial-gradient(rgba(255,255,255,0) 0%,rgba(0,0,0,1) 100%);opacity:0.75\"><\/div><div class=\"superblockslider__slide_inner\"><div class=\"inner-blocks\">\n<div class=\"container\">\n<div class=\"half-width\">\n<h1 class=\"wp-block-heading\"><mark class=\"has-inline-color has-base-3-color\">La tua memoria \u00e8 la nostra storia<\/mark><\/h1>\n\n\n\n<p><mark class=\"has-inline-color has-base-3-color\">L\u2019archivio della memoria privata e familiare dei sardi<\/mark><\/p>\n\n\n\n<div class=\"wp-block-buttons is-layout-flex wp-block-buttons-is-layout-flex\">\n<div class=\"wp-block-button\"><a class=\"wp-block-button__link wp-element-button\" href=\"https:\/\/www.umanitaria.it\/cagliari\/progetti-regionali\/la-tua-memoria-e-la-nostra-storia\/\">SCOPRI DI PI\u00d9<\/a><\/div>\n<\/div>\n<\/div>\n<\/div>\n<\/div><\/div><\/div>\n<\/div><\/div><div class=\"superblockslider__controls superblockslider__navigation\"><button class=\"superblockslider__button__navigation superblockslider__button__previous\" aria-label=\"Previous slide\"><span class=\"superblockslider__button__previous--icon\"><svg width=\"85\" height=\"85\" xmlns=\"http:\/\/www.w3.org\/2000\/svg\" viewBox=\"0 0 85 85\" role=\"img\" aria-hidden=\"true\" focusable=\"false\"><path d=\"M 65.863 7.136 L 57.367 0 L 19.137 42.478 L 57.367 84.955 L 65.863 77.819 L 33.41 42.478 L 65.863 7.136 Z\"><\/path><\/svg><\/span><\/button><button class=\"superblockslider__button__navigation superblockslider__button__next\" aria-label=\"Next slide\"><span class=\"superblockslider__button__next--icon\"><svg width=\"85\" height=\"85\" xmlns=\"http:\/\/www.w3.org\/2000\/svg\" viewBox=\"0 0 85 85\" role=\"img\" aria-hidden=\"true\" focusable=\"false\"><path d=\"M 19.137 7.136 L 27.633 0 L 65.863 42.478 L 27.633 84.955 L 19.137 77.819 L 51.59 42.478 L 19.137 7.136 Z\"><\/path><\/svg><\/span><\/button><\/div><\/div>\n\n\n\n<div class=\"h2\">\n<h2 class=\"wp-block-heading\">Alghero<\/h2>\n<\/div>\n<\/div>\n<\/div>\n\n\n\n<div class=\"gb-element-8847ef69 le-sede container-padding\">\n<h2 class=\"wp-block-heading\"><a href=\"\/alghero\/chi-siamo\/\" data-type=\"page\" data-id=\"985\">Dalla parte del pubblico<\/a><\/h2>\n\n\n\n<p>Dai tempi pionieristici della storica sede di <strong>Villa Asfodelo<\/strong> ad oggi \u00e8 cambiato il mondo e sono cambiate le persone. Quella che non \u00e8 cambiata \u00e8 l\u2019idea fondante dell\u2019attivit\u00e0 della Societ\u00e0 Umanitaria, che continua a guidare il nostro lavoro anche oggi: l\u2019uguaglianza delle persone si realizza innanzitutto attraverso la democrazia del sapere. <br><br>Dalla sua nascita il CSC di Alghero \u00e8 stato uno <strong>spazio di aggregazione<\/strong> a disposizione delle forti energie culturali, sociali e politiche di quegli anni, ha ospitato <strong>un attivissimo cineclub<\/strong> e per quasi tre decenni la sua <strong>biblioteca<\/strong> \u00e8 stata la pi\u00f9 frequentata della citt\u00e0. Negli anni Novanta l\u2019attenzione si \u00e8 spostata definitivamente al campo del cinema e dell\u2019audiovisivo. Da met\u00e0 degli anni Duemila si sono delineate le aree predilette di intervento che sono le stesse che il Centro persegue ancora oggi: la <strong>vocazione turistica e cinematografica della citt\u00e0<\/strong>, il <strong>legame linguistico con la Catalogna<\/strong>, la consueta <strong>attenzione alle questioni di genere<\/strong> e il <strong>racconto delle emergenze sociali<\/strong> osservate con la lente del cinema, sono i temi portanti delle rassegne, retrospettive e percorsi tematici organizzati dal Centro. L\u2019obiettivo di <strong>formare un pubblico attento, critico e consapevole<\/strong> viene perseguito anche attraverso una intensa attivit\u00e0 di formazione nel campo del cinema e dell\u2019audiovisivo e con la gestione della <strong>Mediateca<\/strong>, spazio aperto a disposizione di chiunque ne faccia richiesta, che rende disponibile al prestito e alla consultazione il suo patrimonio di film, libri, riviste e contenuti multimediali.<\/p>\n\n\n\n<p>Tutte le attivit\u00e0 del CSC, da sempre, si svolgono frequentemente in collaborazione con Enti pubblici e privati, scuole, Universit\u00e0, associazioni e professionisti del settore.<\/p>\n<\/div>\n\n\n<div class=\"container flex no-padding next-events\"><h2>I prossimi <strong><mark class=\"has-inline-color has-accent-color\">appuntamenti<\/mark><\/strong><\/h2><\/div><div class='home-blog'>\n                   <div id='home_news_left'><a href='\/alghero\/cultura'><span>Scopri gli appuntamenti in programma a ALGHERO<\/span><\/a><\/div>\n                        <div id='home_news_right'><div id='loader'><\/div><ul class='lista-eventi'><\/ul><div id='home_news_prev'><img src='\/wp-content\/themes\/generatepress_child\/assets\/images\/prev-left.svg' alt='precedente'\/> <\/div>\n<div id='home_news_next'><img src='\/wp-content\/themes\/generatepress_child\/assets\/images\/next-right.svg' alt='prossimo'\/> <\/div><\/div><div class='home-eventi-nav'><\/div><\/div>\n\n\n\n<div class=\"gb-element-eeb52804 quick-links-sedi\">\n<div class=\"dett-quick-link\">\n<a class=\"gb-element-14971901 dett-quick-link-title\" href=\"\/alghero\/cultura\/\">\n<h3 class=\"gb-text\">Cultura<\/h3>\n<\/a>\n\n\n\n<a class=\"gb-element-782f5edd dett-quick-link-spiega\" href=\"\/alghero\/cultura\/\">\n<figure class=\"wp-block-image size-full\"><img loading=\"lazy\" decoding=\"async\" width=\"1500\" height=\"650\" src=\"https:\/\/www.umanitaria.it\/alghero\/wp-content\/uploads\/sites\/7\/2025\/09\/CULTURA.jpg\" alt=\"\" class=\"wp-image-14853\" srcset=\"https:\/\/www.umanitaria.it\/alghero\/wp-content\/uploads\/sites\/7\/2025\/09\/CULTURA.jpg 1500w, https:\/\/www.umanitaria.it\/alghero\/wp-content\/uploads\/sites\/7\/2025\/09\/CULTURA-300x130.jpg 300w, https:\/\/www.umanitaria.it\/alghero\/wp-content\/uploads\/sites\/7\/2025\/09\/CULTURA-1024x444.jpg 1024w, https:\/\/www.umanitaria.it\/alghero\/wp-content\/uploads\/sites\/7\/2025\/09\/CULTURA-768x333.jpg 768w\" sizes=\"auto, (max-width: 1500px) 100vw, 1500px\" \/><\/figure>\n\n\n\n<h4 class=\"gb-text\">Cinema tra storia, memoria e territorio<\/h4>\n\n\n\n<p>Festival, rassegne e cicli tematici per diffondere la cultura cinematografica e formare un pubblico critico, attivo e consapevole.<\/p>\n<\/a>\n<\/div>\n\n\n\n<div class=\"dett-quick-link\">\n<a class=\"gb-element-e78cf4bd dett-quick-link-title\" href=\"\/alghero\/formazione\/\">\n<h3 class=\"gb-text\">Formazione<\/h3>\n<\/a>\n\n\n\n<a class=\"gb-element-03f57504 dett-quick-link-spiega\" href=\"\/alghero\/formazione\/\">\n<figure class=\"wp-block-image size-full\"><img loading=\"lazy\" decoding=\"async\" width=\"1500\" height=\"650\" src=\"https:\/\/www.umanitaria.it\/alghero\/wp-content\/uploads\/sites\/7\/2025\/09\/FORMAZIONE.jpg\" alt=\"\" class=\"wp-image-14854\" srcset=\"https:\/\/www.umanitaria.it\/alghero\/wp-content\/uploads\/sites\/7\/2025\/09\/FORMAZIONE.jpg 1500w, https:\/\/www.umanitaria.it\/alghero\/wp-content\/uploads\/sites\/7\/2025\/09\/FORMAZIONE-300x130.jpg 300w, https:\/\/www.umanitaria.it\/alghero\/wp-content\/uploads\/sites\/7\/2025\/09\/FORMAZIONE-1024x444.jpg 1024w, https:\/\/www.umanitaria.it\/alghero\/wp-content\/uploads\/sites\/7\/2025\/09\/FORMAZIONE-768x333.jpg 768w\" sizes=\"auto, (max-width: 1500px) 100vw, 1500px\" \/><\/figure>\n\n\n\n<h4 class=\"gb-text\">Didattica del cinema e degli audiovisivi<\/h4>\n\n\n\n<p>Masterclass, seminari e workshop finalizzati all\u2019acquisizione di conoscenze, strumenti e competenze relative al linguaggio cinematografico.<\/p>\n<\/a>\n<\/div>\n\n\n\n<div class=\"dett-quick-link\">\n<a class=\"gb-element-9d52d30b dett-quick-link-title\" href=\"\/alghero\/mediateca\/\">\n<h3 class=\"gb-text\">Mediateca<\/h3>\n<\/a>\n\n\n\n<a class=\"gb-element-640fd02b dett-quick-link-spiega\" href=\"\/alghero\/mediateca\/\">\n<figure class=\"wp-block-image size-full\"><img loading=\"lazy\" decoding=\"async\" width=\"1500\" height=\"650\" src=\"https:\/\/www.umanitaria.it\/alghero\/wp-content\/uploads\/sites\/7\/2025\/09\/MEDIATECA.jpg\" alt=\"\" class=\"wp-image-14855\" srcset=\"https:\/\/www.umanitaria.it\/alghero\/wp-content\/uploads\/sites\/7\/2025\/09\/MEDIATECA.jpg 1500w, https:\/\/www.umanitaria.it\/alghero\/wp-content\/uploads\/sites\/7\/2025\/09\/MEDIATECA-300x130.jpg 300w, https:\/\/www.umanitaria.it\/alghero\/wp-content\/uploads\/sites\/7\/2025\/09\/MEDIATECA-1024x444.jpg 1024w, https:\/\/www.umanitaria.it\/alghero\/wp-content\/uploads\/sites\/7\/2025\/09\/MEDIATECA-768x333.jpg 768w\" sizes=\"auto, (max-width: 1500px) 100vw, 1500px\" \/><\/figure>\n\n\n\n<h4 class=\"gb-text\">Servizi all&#8217;utenza<\/h4>\n\n\n\n<p>Uno spazio aperto, a disposizione di chiunque, che ospita attivit\u00e0 culturali e formative. Film, libri, riviste, contenuti multimediali, tutti accessibili al prestito.<\/p>\n<\/a>\n<\/div>\n\n\n\n<div class=\"dett-quick-link\">\n<a class=\"gb-element-3211eb69 dett-quick-link-title\" href=\"\/alghero\/rubriche\/\">\n<h3 class=\"gb-text\">Rubriche<\/h3>\n<\/a>\n\n\n\n<a class=\"gb-element-f1892407 dett-quick-link-spiega\" href=\"\/alghero\/rubriche\/\">\n<figure class=\"wp-block-image size-full\"><img loading=\"lazy\" decoding=\"async\" width=\"1500\" height=\"650\" src=\"https:\/\/www.umanitaria.it\/alghero\/wp-content\/uploads\/sites\/7\/2025\/09\/RUBRICHE.jpg\" alt=\"\" class=\"wp-image-14857\" srcset=\"https:\/\/www.umanitaria.it\/alghero\/wp-content\/uploads\/sites\/7\/2025\/09\/RUBRICHE.jpg 1500w, https:\/\/www.umanitaria.it\/alghero\/wp-content\/uploads\/sites\/7\/2025\/09\/RUBRICHE-300x130.jpg 300w, https:\/\/www.umanitaria.it\/alghero\/wp-content\/uploads\/sites\/7\/2025\/09\/RUBRICHE-1024x444.jpg 1024w, https:\/\/www.umanitaria.it\/alghero\/wp-content\/uploads\/sites\/7\/2025\/09\/RUBRICHE-768x333.jpg 768w\" sizes=\"auto, (max-width: 1500px) 100vw, 1500px\" \/><\/figure>\n\n\n\n<h4 class=\"gb-text\">Oltre la scena<\/h4>\n\n\n\n<p>Storie, curiosit\u00e0 e riflessioni sul mondo del cinema, della musica e dello spettacolo, tra narrazioni e percorsi multimediali guidati.<\/p>\n<\/a>\n<\/div>\n<\/div>\n<\/div>\n","protected":false},"excerpt":{"rendered":"<p>Alghero Dalla parte del pubblico Dai tempi pionieristici della storica sede di Villa Asfodelo ad oggi \u00e8 cambiato il mondo e sono cambiate le persone. Quella che non \u00e8 cambiata \u00e8 l\u2019idea fondante dell\u2019attivit\u00e0 della Societ\u00e0 Umanitaria, che continua a guidare il nostro lavoro anche oggi: l\u2019uguaglianza delle persone si realizza innanzitutto attraverso la democrazia &#8230; <a title=\"Home Page\" class=\"read-more\" href=\"https:\/\/www.umanitaria.it\/alghero\/\" aria-label=\"Per saperne di pi\u00f9 su Home Page\">Leggi tutto<\/a><\/p>\n","protected":false},"author":1,"featured_media":0,"parent":0,"menu_order":7,"comment_status":"closed","ping_status":"closed","template":"","meta":{"_acf_changed":false,"_seopress_robots_primary_cat":"","_seopress_titles_title":"","_seopress_titles_desc":"","_seopress_robots_index":"","inline_featured_image":false,"footnotes":""},"class_list":["post-517","page","type-page","status-publish"],"acf":[],"_links":{"self":[{"href":"https:\/\/www.umanitaria.it\/alghero\/wp-json\/wp\/v2\/pages\/517","targetHints":{"allow":["GET"]}}],"collection":[{"href":"https:\/\/www.umanitaria.it\/alghero\/wp-json\/wp\/v2\/pages"}],"about":[{"href":"https:\/\/www.umanitaria.it\/alghero\/wp-json\/wp\/v2\/types\/page"}],"author":[{"embeddable":true,"href":"https:\/\/www.umanitaria.it\/alghero\/wp-json\/wp\/v2\/users\/1"}],"replies":[{"embeddable":true,"href":"https:\/\/www.umanitaria.it\/alghero\/wp-json\/wp\/v2\/comments?post=517"}],"version-history":[{"count":111,"href":"https:\/\/www.umanitaria.it\/alghero\/wp-json\/wp\/v2\/pages\/517\/revisions"}],"predecessor-version":[{"id":16128,"href":"https:\/\/www.umanitaria.it\/alghero\/wp-json\/wp\/v2\/pages\/517\/revisions\/16128"}],"wp:attachment":[{"href":"https:\/\/www.umanitaria.it\/alghero\/wp-json\/wp\/v2\/media?parent=517"}],"curies":[{"name":"wp","href":"https:\/\/api.w.org\/{rel}","templated":true}]}}